{"id":1175,"date":"2024-02-01T11:35:56","date_gmt":"2024-02-01T10:35:56","guid":{"rendered":"https:\/\/www.erneuerung.de\/muenchen-freising\/?page_id=1175"},"modified":"2024-02-02T09:55:40","modified_gmt":"2024-02-02T08:55:40","slug":"rueckblick","status":"publish","type":"page","link":"https:\/\/www.erneuerung.de\/muenchen-freising\/rueckblick\/","title":{"rendered":"R\u00fcckblick"},"content":{"rendered":"<div class=\"wpb-content-wrapper\"><p>[vc_row css=&#8220;.vc_custom_1706864132395{background-image: url(https:\/\/www.erneuerung.de\/muenchen-freising\/wp-content\/uploads\/sites\/20\/2019\/11\/CE_Logo_Bistum-Muenchen-und-Freising.png?id=41) !important;}&#8220;][vc_column]<style>.portfolio.news-grid#style-b763800 .portfolio-item:not(.size-item), .preloader#style-preloader-b763800 .portfolio-item { padding: calc(42px\/2) !important; }.portfolio.news-grid#style-b763800 .portfolio-item.size-item { padding: 0 calc(42px\/2) !important; }.portfolio.news-grid#style-b763800 .portfolio-row, .preloader#style-preloader-b763800 .skeleton-posts.portfolio-row { margin: calc(-42px\/2); }.portfolio.news-grid#style-b763800.fullwidth-columns .portfolio-row { margin: calc(-42px\/2) 0; }.portfolio.news-grid#style-b763800 .fullwidth-block:not(.no-paddings) { padding-left: 42px; padding-right: 42px; }.portfolio.news-grid#style-b763800 .fullwidth-block .portfolio-row { padding-left: calc(42px\/2); padding-right: calc(42px\/2); }.portfolio.news-grid#style-b763800 .fullwidth-block .portfolio-top-panel { padding-left: 42px; padding-right: 42px; }.portfolio.news-grid#style-b763800.fullwidth-columns .with-filter-sidebar .filter-sidebar { padding-left: 42px; }.portfolio.news-grid#style-b763800.list-style.with-divider .portfolio-item .wrap:before { top: calc(-42px\/2); }.portfolio.news-grid#style-b763800 .portfolio-item .caption .title span { letter-spacing: px !important; }<\/style><style>.portfolio.news-grid#style-b763800 .portfolio-filters { text-align: center; }<\/style> <div class=\"portfolio-preloader-wrapper panel-sidebar-position-left\"> <div class=\"portfolio portfolio-grid extended-portfolio-grid news-grid no-padding portfolio-pagination-normal portfolio-style-justified background-style-transparent title-style-light hover-default title-on-page caption-position-page version-default loading-animation item-animation-move-up columns-2 columns-tablet-2 columns-mobile-1 disable-isotope \" id=\"style-b763800\" data-style-uid=\"b763800\" data-portfolio-uid=\"grid_f8785c0\" data-current-page=\"1\" data-per-page=\"8\" data-next-page=\"2\" data-pages-count=\"4\" data-hover=\"default\" data-portfolio-filter=\"[]\" data-portfolio-filter-attributes=\"null\" data-portfolio-filter-status=\"null\" data-portfolio-filter-price=\"null\" data-portfolio-filter-search=\"\"> <div class=\"portfolio-row-outer \"> <div class=\"portfolio-top-panel filter-type-default selected-only\"> <div class=\"portfolio-top-panel-row filter-style-buttons\"> <div class=\"portfolio-top-panel-left\"><div class=\"portfolio-filter-item portfolio-selected-filters left\"> <div class=\"portfolio-selected-filter-item clear-filters\"> Clear Filters\t<\/div> <\/div> <\/div> <div class=\"portfolio-top-panel-right\"> <\/div> <\/div> <\/div> <div class=\"row portfolio-row\"> <div class=\"portfolio-set clearfix\" data-max-row-height=\"380\"> <div class=\"portfolio-item allgemein col-xs-12 col-sm-6 col-md-6 item-animations-not-inited show-caption-border post-has-author appearance-type- post-2232 post type-post status-publish format-standard has-post-thumbnail category-allgemein\" data-default-sort=\"0\" data-sort-date=\"1776691372\"> <div class=\"wrap clearfix\"> <div class=\"image post-2232 post type-post status-publish format-standard has-post-thumbnail category-allgemein\"> <div class=\"image-inner \"> <picture> <img src=\"https:\/\/www.erneuerung.de\/muenchen-freising\/wp-content\/uploads\/sites\/20\/2026\/04\/transparent-thegem-product-justified-square-xl.png\" width=\"700\" height=\"700\" class=\"attachment-thegem-product-justified-square-xl\" alt=\"Gemeinschaftstag\" \/> <\/picture> <div class=\"post-featured-content\"><a href=\"https:\/\/www.erneuerung.de\/muenchen-freising\/2026\/04\/20\/gemeinschaftstag-2\/\"> <picture> <source srcset=\"https:\/\/www.erneuerung.de\/muenchen-freising\/wp-content\/uploads\/sites\/20\/2026\/04\/Flyerbild_GemTag_1Mai26-thegem-product-justified-square-xl.png 1x\" sizes=\"100vw\"> <img src=\"https:\/\/www.erneuerung.de\/muenchen-freising\/wp-content\/uploads\/sites\/20\/2026\/04\/Flyerbild_GemTag_1Mai26-thegem-product-justified-square-xl.png\" width=\"700\" height=\"700\" class=\"img-responsive\" alt=\"Flyerbild_GemTag_1Mai26\" \/> <\/picture> <\/a><\/div> <\/div> <div class=\"overlay\"> <div class=\"overlay-circle\"><\/div> <div class=\"links-wrapper\"> <div class=\"links\"> <div class=\"caption\"> <a href=\"https:\/\/www.erneuerung.de\/muenchen-freising\/2026\/04\/20\/gemeinschaftstag-2\/\" class=\"portfolio-item-link\"> <span class=\"screen-reader-text\">Gemeinschaftstag<\/span> <\/a> <div class=\"description \"> <div class=\"subtitle\"> <span class=\"text-body\"><div class=\"wpb-content-wrapper\"><p>[vc_row][vc_column][vc_column_text]Herzliche Einladung zum Gemeinschaftstag der Gemeinschaft Neuer Weg.<\/p>\n<p>N\u00e4here Infos und Anmeldung: <a href=\"https:\/\/gem-nw.de\/fileadmin\/smb\/Redaktion\/Dateien\/PDFs\/Flyer\/Einladung_Gemeinschaftstag_1Mai2026.pdf\">Downloadflyer<\/a>[\/vc_column_text][\/vc_column][\/vc_row]<\/p>\n<\/div>&hellip;<\/span> <\/div> <\/div> <div class=\"post-author-outer\"> <div class=\"author\"> <span class=\"author-avatar\"><img alt='piamatheisdorn' src='https:\/\/secure.gravatar.com\/avatar\/f7153911725b5dead4b1ba99b71910345f692edfef4d884d0a5a697d0690f67f?s=50&#038;d=mm&#038;r=g' srcset='https:\/\/secure.gravatar.com\/avatar\/f7153911725b5dead4b1ba99b71910345f692edfef4d884d0a5a697d0690f67f?s=100&#038;d=mm&#038;r=g 2x' class='avatar avatar-50 photo' height='50' width='50' \/><\/span> <span class=\"author-name\">By piamatheisdorn<\/span> <\/div> <\/div> <\/div> <\/div> <\/div> <\/div> <\/div> <div class=\"caption post-2232 post type-post status-publish format-standard has-post-thumbnail category-allgemein\"> <div class=\"post-date\">20. April 2026<\/div> <div class=\"title\"> <span class=\"title-h6 \"><a href=\"https:\/\/www.erneuerung.de\/muenchen-freising\/2026\/04\/20\/gemeinschaftstag-2\/\" rel=\"bookmark\">Gemeinschaftstag<\/a><\/span> <\/div> <div class=\"info\"> <a class=\"additional-meta\" data-filter-type=\"taxonomies\" data-attr=\"category\" data-filter=\"allgemein\">Allgemein<\/a> <\/div> <\/div> <\/div> <\/div> <div class=\"portfolio-item rueckblick col-xs-12 col-sm-6 col-md-6 item-animations-not-inited show-caption-border post-has-author appearance-type- post-2201 post type-post status-publish format-standard has-post-thumbnail category-rueckblick\" data-default-sort=\"0\" data-sort-date=\"1768214790\"> <div class=\"wrap clearfix\"> <div class=\"image post-2201 post type-post status-publish format-standard has-post-thumbnail category-rueckblick\"> <div class=\"image-inner \"> <picture> <img src=\"https:\/\/www.erneuerung.de\/muenchen-freising\/wp-content\/uploads\/sites\/20\/2026\/04\/transparent-thegem-product-justified-square-xl.png\" width=\"700\" height=\"700\" class=\"attachment-thegem-product-justified-square-xl\" alt=\"Samstags-Alphakurs\" \/> <\/picture> <div class=\"post-featured-content\"><a href=\"https:\/\/www.erneuerung.de\/muenchen-freising\/2026\/01\/12\/samstags-alphakurs\/\"> <picture> <source srcset=\"https:\/\/www.erneuerung.de\/muenchen-freising\/wp-content\/uploads\/sites\/20\/2026\/01\/Titelbild_Alpha_Leim_Feb_2026.png 1x\" sizes=\"100vw\"> <img src=\"https:\/\/www.erneuerung.de\/muenchen-freising\/wp-content\/uploads\/sites\/20\/2026\/01\/Titelbild_Alpha_Leim_Feb_2026.png\" width=\"595\" height=\"398\" class=\"img-responsive\" alt=\"Titelbild_Alpha_Leim_Feb_2026\" \/> <\/picture> <\/a><\/div> <\/div> <div class=\"overlay\"> <div class=\"overlay-circle\"><\/div> <div class=\"links-wrapper\"> <div class=\"links\"> <div class=\"caption\"> <a href=\"https:\/\/www.erneuerung.de\/muenchen-freising\/2026\/01\/12\/samstags-alphakurs\/\" class=\"portfolio-item-link\"> <span class=\"screen-reader-text\">Samstags-Alphakurs<\/span> <\/a> <div class=\"description \"> <div class=\"subtitle\"> <span class=\"text-body\"><div class=\"wpb-content-wrapper\"><p>[vc_row][vc_column][vc_column_text css=&#8220;&#8220;]Herzliche Einladung zum Alpha-Kurs der Gemeinschaft Neuer Weg, der an 10 Samstagen von 11 bis 13 Uhr, ab dem 21. Februar 2026 in M\u00fcnchen-Laim stattfindet.<\/p>\n<p>&nbsp;<\/p>\n<p>N\u00e4here Infos und Anmeldung, siehe <a href=\"https:\/\/gem-nw.de\/fileadmin\/smb\/Redaktion\/Dateien\/PDFs\/Flyer\/Alpha_Laim_Feb2026.pdf\">Flyer<\/a>[\/vc_column_text][\/vc_column][\/vc_row]<\/p>\n<\/div>&hellip;<\/span> <\/div> <\/div> <div class=\"post-author-outer\"> <div class=\"author\"> <span class=\"author-avatar\"><img alt='piamatheisdorn' src='https:\/\/secure.gravatar.com\/avatar\/f7153911725b5dead4b1ba99b71910345f692edfef4d884d0a5a697d0690f67f?s=50&#038;d=mm&#038;r=g' srcset='https:\/\/secure.gravatar.com\/avatar\/f7153911725b5dead4b1ba99b71910345f692edfef4d884d0a5a697d0690f67f?s=100&#038;d=mm&#038;r=g 2x' class='avatar avatar-50 photo' height='50' width='50' \/><\/span> <span class=\"author-name\">By piamatheisdorn<\/span> <\/div> <\/div> <\/div> <\/div> <\/div> <\/div> <\/div> <div class=\"caption post-2201 post type-post status-publish format-standard has-post-thumbnail category-rueckblick\"> <div class=\"post-date\">12. Januar 2026<\/div> <div class=\"title\"> <span class=\"title-h6 \"><a href=\"https:\/\/www.erneuerung.de\/muenchen-freising\/2026\/01\/12\/samstags-alphakurs\/\" rel=\"bookmark\">Samstags-Alphakurs<\/a><\/span> <\/div> <div class=\"info\"> <a class=\"additional-meta\" data-filter-type=\"taxonomies\" data-attr=\"category\" data-filter=\"rueckblick\">R\u00fcckblick<\/a> <\/div> <\/div> <\/div> <\/div> <div class=\"portfolio-item rueckblick col-xs-12 col-sm-6 col-md-6 item-animations-not-inited show-caption-border post-has-author appearance-type- post-2196 post type-post status-publish format-standard has-post-thumbnail category-rueckblick\" data-default-sort=\"0\" data-sort-date=\"1768214446\"> <div class=\"wrap clearfix\"> <div class=\"image post-2196 post type-post status-publish format-standard has-post-thumbnail category-rueckblick\"> <div class=\"image-inner \"> <picture> <img src=\"https:\/\/www.erneuerung.de\/muenchen-freising\/wp-content\/uploads\/sites\/20\/2026\/04\/transparent-thegem-product-justified-square-xl.png\" width=\"700\" height=\"700\" class=\"attachment-thegem-product-justified-square-xl\" alt=\"Frauenfr\u00fchst\u00fcck\" \/> <\/picture> <div class=\"post-featured-content\"><a href=\"https:\/\/www.erneuerung.de\/muenchen-freising\/2026\/01\/12\/frauenfruehstueck-2\/\"> <picture> <source srcset=\"https:\/\/www.erneuerung.de\/muenchen-freising\/wp-content\/uploads\/sites\/20\/2026\/01\/FF_Einsbach_Jan2026.png 1x\" sizes=\"100vw\"> <img src=\"https:\/\/www.erneuerung.de\/muenchen-freising\/wp-content\/uploads\/sites\/20\/2026\/01\/FF_Einsbach_Jan2026.png\" width=\"494\" height=\"351\" class=\"img-responsive\" alt=\"FF_Einsbach_Jan2026\" \/> <\/picture> <\/a><\/div> <\/div> <div class=\"overlay\"> <div class=\"overlay-circle\"><\/div> <div class=\"links-wrapper\"> <div class=\"links\"> <div class=\"caption\"> <a href=\"https:\/\/www.erneuerung.de\/muenchen-freising\/2026\/01\/12\/frauenfruehstueck-2\/\" class=\"portfolio-item-link\"> <span class=\"screen-reader-text\">Frauenfr\u00fchst\u00fcck<\/span> <\/a> <div class=\"description \"> <div class=\"subtitle\"> <span class=\"text-body\"><div class=\"wpb-content-wrapper\"><p>[vc_row][vc_column][vc_column_text css=&#8220;&#8220;]Herzliche Einladung zum Frauenfr\u00fchst\u00fcck der Gemeinschaft Neuer Weg, das am 31. Januar 2026 ab 9 Uhr in Einsbach stattfindet.<\/p>\n<p>&nbsp;<\/p>\n<p>N\u00e4here Infos und Anmeldung, siehe <a href=\"https:\/\/gem-nw.de\/fileadmin\/smb\/Redaktion\/Dateien\/PDFs\/Flyer\/FF_Einsbach_2026.pdf\">Flyer<\/a>[\/vc_column_text][\/vc_column][\/vc_row]<\/p>\n<\/div>&hellip;<\/span> <\/div> <\/div> <div class=\"post-author-outer\"> <div class=\"author\"> <span class=\"author-avatar\"><img alt='piamatheisdorn' src='https:\/\/secure.gravatar.com\/avatar\/f7153911725b5dead4b1ba99b71910345f692edfef4d884d0a5a697d0690f67f?s=50&#038;d=mm&#038;r=g' srcset='https:\/\/secure.gravatar.com\/avatar\/f7153911725b5dead4b1ba99b71910345f692edfef4d884d0a5a697d0690f67f?s=100&#038;d=mm&#038;r=g 2x' class='avatar avatar-50 photo' height='50' width='50' \/><\/span> <span class=\"author-name\">By piamatheisdorn<\/span> <\/div> <\/div> <\/div> <\/div> <\/div> <\/div> <\/div> <div class=\"caption post-2196 post type-post status-publish format-standard has-post-thumbnail category-rueckblick\"> <div class=\"post-date\">12. Januar 2026<\/div> <div class=\"title\"> <span class=\"title-h6 \"><a href=\"https:\/\/www.erneuerung.de\/muenchen-freising\/2026\/01\/12\/frauenfruehstueck-2\/\" rel=\"bookmark\">Frauenfr\u00fchst\u00fcck<\/a><\/span> <\/div> <div class=\"info\"> <a class=\"additional-meta\" data-filter-type=\"taxonomies\" data-attr=\"category\" data-filter=\"rueckblick\">R\u00fcckblick<\/a> <\/div> <\/div> <\/div> <\/div> <div class=\"portfolio-item rueckblick col-xs-12 col-sm-6 col-md-6 item-animations-not-inited show-caption-border post-has-author appearance-type- post-2163 post type-post status-publish format-standard has-post-thumbnail category-rueckblick\" data-default-sort=\"0\" data-sort-date=\"1766401265\"> <div class=\"wrap clearfix\"> <div class=\"image post-2163 post type-post status-publish format-standard has-post-thumbnail category-rueckblick\"> <div class=\"image-inner \"> <picture> <img src=\"https:\/\/www.erneuerung.de\/muenchen-freising\/wp-content\/uploads\/sites\/20\/2026\/04\/transparent-thegem-product-justified-square-xl.png\" width=\"700\" height=\"700\" class=\"attachment-thegem-product-justified-square-xl\" alt=\"Alphakurs\" \/> <\/picture> <div class=\"post-featured-content\"><a href=\"https:\/\/www.erneuerung.de\/muenchen-freising\/2025\/12\/22\/alphakurs-montags\/\"> <picture> <source srcset=\"https:\/\/www.erneuerung.de\/muenchen-freising\/wp-content\/uploads\/sites\/20\/2025\/12\/Alpha_woran-glaubst-du-thegem-product-justified-square-xl.png 1x\" sizes=\"100vw\"> <img src=\"https:\/\/www.erneuerung.de\/muenchen-freising\/wp-content\/uploads\/sites\/20\/2025\/12\/Alpha_woran-glaubst-du-thegem-product-justified-square-xl.png\" width=\"700\" height=\"696\" class=\"img-responsive\" alt=\"Alpha_woran glaubst du\" \/> <\/picture> <\/a><\/div> <\/div> <div class=\"overlay\"> <div class=\"overlay-circle\"><\/div> <div class=\"links-wrapper\"> <div class=\"links\"> <div class=\"caption\"> <a href=\"https:\/\/www.erneuerung.de\/muenchen-freising\/2025\/12\/22\/alphakurs-montags\/\" class=\"portfolio-item-link\"> <span class=\"screen-reader-text\">Alphakurs<\/span> <\/a> <div class=\"description \"> <div class=\"subtitle\"> <span class=\"text-body\"><div class=\"wpb-content-wrapper\"><p>[vc_row][vc_column][vc_column_text css=&#8220;&#8220;]Herzliche Einladung zum Alphakurs!<\/p>\n<p>Der Kurs findet an zehn Dienstagen, ab 20. Januar 2026 ab 19.30 Uhr im Pfarrsaal St. Thomas Apostel M\u00fcnchen-Oberf\u00f6hring statt.<\/p>\n<p>Mehr Infos und Anmeldung: siehe <a href=\"https:\/\/gem-nw.de\/fileadmin\/smb\/Redaktion\/Dateien\/PDFs\/Flyer\/Flyerbild\/Alpha_St._Thomas_Januar_2026.png\">Flyer<\/a>[\/vc_column_text][\/vc_column][\/vc_row]<\/p>\n<\/div>&hellip;<\/span> <\/div> <\/div> <div class=\"post-author-outer\"> <div class=\"author\"> <span class=\"author-avatar\"><img alt='piamatheisdorn' src='https:\/\/secure.gravatar.com\/avatar\/f7153911725b5dead4b1ba99b71910345f692edfef4d884d0a5a697d0690f67f?s=50&#038;d=mm&#038;r=g' srcset='https:\/\/secure.gravatar.com\/avatar\/f7153911725b5dead4b1ba99b71910345f692edfef4d884d0a5a697d0690f67f?s=100&#038;d=mm&#038;r=g 2x' class='avatar avatar-50 photo' height='50' width='50' \/><\/span> <span class=\"author-name\">By piamatheisdorn<\/span> <\/div> <\/div> <\/div> <\/div> <\/div> <\/div> <\/div> <div class=\"caption post-2163 post type-post status-publish format-standard has-post-thumbnail category-rueckblick\"> <div class=\"post-date\">22. Dezember 2025<\/div> <div class=\"title\"> <span class=\"title-h6 \"><a href=\"https:\/\/www.erneuerung.de\/muenchen-freising\/2025\/12\/22\/alphakurs-montags\/\" rel=\"bookmark\">Alphakurs<\/a><\/span> <\/div> <div class=\"info\"> <a class=\"additional-meta\" data-filter-type=\"taxonomies\" data-attr=\"category\" data-filter=\"rueckblick\">R\u00fcckblick<\/a> <\/div> <\/div> <\/div> <\/div> <div class=\"portfolio-item rueckblick col-xs-12 col-sm-6 col-md-6 item-animations-not-inited show-caption-border post-has-author appearance-type- post-2153 post type-post status-publish format-standard has-post-thumbnail category-rueckblick\" data-default-sort=\"0\" data-sort-date=\"1765794914\"> <div class=\"wrap clearfix\"> <div class=\"image post-2153 post type-post status-publish format-standard has-post-thumbnail category-rueckblick\"> <div class=\"image-inner \"> <picture> <img src=\"https:\/\/www.erneuerung.de\/muenchen-freising\/wp-content\/uploads\/sites\/20\/2026\/04\/transparent-thegem-product-justified-square-xl.png\" width=\"700\" height=\"700\" class=\"attachment-thegem-product-justified-square-xl\" alt=\"M\u00e4nner-Fr\u00fchschoppen\" \/> <\/picture> <div class=\"post-featured-content\"><a href=\"https:\/\/www.erneuerung.de\/muenchen-freising\/2025\/12\/15\/maenner-fruehschoppen\/\"> <picture> <source srcset=\"https:\/\/www.erneuerung.de\/muenchen-freising\/wp-content\/uploads\/sites\/20\/2025\/12\/Flyerbild_Fruehschoppen_2026.png 1x\" sizes=\"100vw\"> <img src=\"https:\/\/www.erneuerung.de\/muenchen-freising\/wp-content\/uploads\/sites\/20\/2025\/12\/Flyerbild_Fruehschoppen_2026.png\" width=\"486\" height=\"571\" class=\"img-responsive\" alt=\"Flyerbild_Fruehschoppen_2026\" \/> <\/picture> <\/a><\/div> <\/div> <div class=\"overlay\"> <div class=\"overlay-circle\"><\/div> <div class=\"links-wrapper\"> <div class=\"links\"> <div class=\"caption\"> <a href=\"https:\/\/www.erneuerung.de\/muenchen-freising\/2025\/12\/15\/maenner-fruehschoppen\/\" class=\"portfolio-item-link\"> <span class=\"screen-reader-text\">M\u00e4nner-Fr\u00fchschoppen<\/span> <\/a> <div class=\"description \"> <div class=\"subtitle\"> <span class=\"text-body\"><p>Herzliche Einladung an alle interessierten M\u00e4nner zum M\u00e4nner-Fr\u00fchschoppen der Gemeinschaft Neuer Weg &#8211; Wei\u00dfwurstfr\u00fchst\u00fcck mit geistlichem Impuls &#8211; am Samstag, 18. April 2026 von 11.00 bis 13.00 Uhr in unseren Gemeinschaftsr\u00e4umen, Landsberger Str. 336, 80687 M\u00fcnchen-Laim.<\/p> <p>Anmeldung erforderlich! <br \/>Bitte bis &hellip;<\/p><\/span> <\/div> <\/div> <div class=\"post-author-outer\"> <div class=\"author\"> <span class=\"author-avatar\"><img alt='piamatheisdorn' src='https:\/\/secure.gravatar.com\/avatar\/f7153911725b5dead4b1ba99b71910345f692edfef4d884d0a5a697d0690f67f?s=50&#038;d=mm&#038;r=g' srcset='https:\/\/secure.gravatar.com\/avatar\/f7153911725b5dead4b1ba99b71910345f692edfef4d884d0a5a697d0690f67f?s=100&#038;d=mm&#038;r=g 2x' class='avatar avatar-50 photo' height='50' width='50' \/><\/span> <span class=\"author-name\">By piamatheisdorn<\/span> <\/div> <\/div> <\/div> <\/div> <\/div> <\/div> <\/div> <div class=\"caption post-2153 post type-post status-publish format-standard has-post-thumbnail category-rueckblick\"> <div class=\"post-date\">15. Dezember 2025<\/div> <div class=\"title\"> <span class=\"title-h6 \"><a href=\"https:\/\/www.erneuerung.de\/muenchen-freising\/2025\/12\/15\/maenner-fruehschoppen\/\" rel=\"bookmark\">M\u00e4nner-Fr\u00fchschoppen<\/a><\/span> <\/div> <div class=\"info\"> <a class=\"additional-meta\" data-filter-type=\"taxonomies\" data-attr=\"category\" data-filter=\"rueckblick\">R\u00fcckblick<\/a> <\/div> <\/div> <\/div> <\/div> <div class=\"portfolio-item rueckblick col-xs-12 col-sm-6 col-md-6 item-animations-not-inited show-caption-border post-has-author appearance-type- post-1491 post type-post status-publish format-standard has-post-thumbnail category-rueckblick\" data-default-sort=\"0\" data-sort-date=\"1764603305\"> <div class=\"wrap clearfix\"> <div class=\"image post-1491 post type-post status-publish format-standard has-post-thumbnail category-rueckblick\"> <div class=\"image-inner \"> <picture> <img src=\"https:\/\/www.erneuerung.de\/muenchen-freising\/wp-content\/uploads\/sites\/20\/2026\/04\/transparent-thegem-product-justified-square-xl.png\" width=\"700\" height=\"700\" class=\"attachment-thegem-product-justified-square-xl\" alt=\"Kommt, und ruht ein wenig aus\" \/> <\/picture> <div class=\"post-featured-content\"><a href=\"https:\/\/www.erneuerung.de\/muenchen-freising\/2025\/12\/01\/kommt-und-ruht-ein-wenig-aus-2\/\"> <picture> <source srcset=\"https:\/\/www.erneuerung.de\/muenchen-freising\/wp-content\/uploads\/sites\/20\/2025\/12\/Kommt-und-ruht-aus_2025_Bild.png 1x\" sizes=\"100vw\"> <img src=\"https:\/\/www.erneuerung.de\/muenchen-freising\/wp-content\/uploads\/sites\/20\/2025\/12\/Kommt-und-ruht-aus_2025_Bild.png\" width=\"350\" height=\"211\" class=\"img-responsive\" alt=\"Kommt und ruht aus_2025_Bild\" \/> <\/picture> <\/a><\/div> <\/div> <div class=\"overlay\"> <div class=\"overlay-circle\"><\/div> <div class=\"links-wrapper\"> <div class=\"links\"> <div class=\"caption\"> <a href=\"https:\/\/www.erneuerung.de\/muenchen-freising\/2025\/12\/01\/kommt-und-ruht-ein-wenig-aus-2\/\" class=\"portfolio-item-link\"> <span class=\"screen-reader-text\">Kommt, und ruht ein wenig aus<\/span> <\/a> <div class=\"description \"> <div class=\"subtitle\"> <span class=\"text-body\"><div class=\"wpb-content-wrapper\"><p>[vc_row][vc_column][vc_column_text css=&#8220;&#8220;]Ein Wochenende des Innehaltens und neuer Perspektiven vom 27. Februar bis 1. M\u00e4rz 2026 in St. Ottilien&#8230;.<\/p>\n<p>N\u00e4here Info und Anmeldung: siehe <a href=\"https:\/\/gem-nw.de\/fileadmin\/smb\/Redaktion\/Dateien\/PDFs\/Flyer\/2026_Flyer_KommtundRuht.pdf\">Flyer<\/a>[\/vc_column_text][\/vc_column][\/vc_row]<\/p>\n<\/div>&hellip;<\/span> <\/div> <\/div> <div class=\"post-author-outer\"> <div class=\"author\"> <span class=\"author-avatar\"><img alt='piamatheisdorn' src='https:\/\/secure.gravatar.com\/avatar\/f7153911725b5dead4b1ba99b71910345f692edfef4d884d0a5a697d0690f67f?s=50&#038;d=mm&#038;r=g' srcset='https:\/\/secure.gravatar.com\/avatar\/f7153911725b5dead4b1ba99b71910345f692edfef4d884d0a5a697d0690f67f?s=100&#038;d=mm&#038;r=g 2x' class='avatar avatar-50 photo' height='50' width='50' \/><\/span> <span class=\"author-name\">By piamatheisdorn<\/span> <\/div> <\/div> <\/div> <\/div> <\/div> <\/div> <\/div> <div class=\"caption post-1491 post type-post status-publish format-standard has-post-thumbnail category-rueckblick\"> <div class=\"post-date\">1. Dezember 2025<\/div> <div class=\"title\"> <span class=\"title-h6 \"><a href=\"https:\/\/www.erneuerung.de\/muenchen-freising\/2025\/12\/01\/kommt-und-ruht-ein-wenig-aus-2\/\" rel=\"bookmark\">Kommt, und ruht ein wenig aus<\/a><\/span> <\/div> <div class=\"info\"> <a class=\"additional-meta\" data-filter-type=\"taxonomies\" data-attr=\"category\" data-filter=\"rueckblick\">R\u00fcckblick<\/a> <\/div> <\/div> <\/div> <\/div> <div class=\"portfolio-item rueckblick col-xs-12 col-sm-6 col-md-6 item-animations-not-inited show-caption-border post-has-author appearance-type- post-1481 post type-post status-publish format-standard has-post-thumbnail category-rueckblick\" data-default-sort=\"0\" data-sort-date=\"1764177346\"> <div class=\"wrap clearfix\"> <div class=\"image post-1481 post type-post status-publish format-standard has-post-thumbnail category-rueckblick\"> <div class=\"image-inner \"> <picture> <img src=\"https:\/\/www.erneuerung.de\/muenchen-freising\/wp-content\/uploads\/sites\/20\/2026\/04\/transparent-thegem-product-justified-square-xl.png\" width=\"700\" height=\"700\" class=\"attachment-thegem-product-justified-square-xl\" alt=\"Buswallfahrt nach Medjugorje\" \/> <\/picture> <div class=\"post-featured-content\"><a href=\"https:\/\/www.erneuerung.de\/muenchen-freising\/2025\/11\/26\/buswallfahrt-nach-medjugorje\/\"> <picture> <source srcset=\"https:\/\/www.erneuerung.de\/muenchen-freising\/wp-content\/uploads\/sites\/20\/2025\/11\/Flyerbild_Medjugorje_2026.png 1x\" sizes=\"100vw\"> <img src=\"https:\/\/www.erneuerung.de\/muenchen-freising\/wp-content\/uploads\/sites\/20\/2025\/11\/Flyerbild_Medjugorje_2026.png\" width=\"455\" height=\"525\" class=\"img-responsive\" alt=\"Flyerbild_Medjugorje_2026\" \/> <\/picture> <\/a><\/div> <\/div> <div class=\"overlay\"> <div class=\"overlay-circle\"><\/div> <div class=\"links-wrapper\"> <div class=\"links\"> <div class=\"caption\"> <a href=\"https:\/\/www.erneuerung.de\/muenchen-freising\/2025\/11\/26\/buswallfahrt-nach-medjugorje\/\" class=\"portfolio-item-link\"> <span class=\"screen-reader-text\">Buswallfahrt nach Medjugorje<\/span> <\/a> <div class=\"description \"> <div class=\"subtitle\"> <span class=\"text-body\"><div class=\"wpb-content-wrapper\"><p>[vc_row][vc_column][vc_column_text css=&#8220;&#8220;]<\/p> <p>Die Gemeinschaft Neuer Weg f\u00e4hrt vom 6. April bis 12. April 2026 wieder nach Medjugorje.<\/p> <p>Sei dabei, wo sich Himmel und Erde ber\u00fchren!\u00a0<\/p> <p>N\u00e4here Infos und Anmeldung: siehe <a href=\"https:\/\/gem-nw.de\/fileadmin\/smb\/Redaktion\/Dateien\/PDFs\/Flyer\/Medjugorjeflyer_fuer2026_PRINT.pdf\">Flyer<\/a><\/p> <p>&nbsp;<\/p> <p>[\/vc_column_text][\/vc_column][\/vc_row]<\/p><\/div>&hellip;<\/span> <\/div> <\/div> <div class=\"post-author-outer\"> <div class=\"author\"> <span class=\"author-avatar\"><img alt='piamatheisdorn' src='https:\/\/secure.gravatar.com\/avatar\/f7153911725b5dead4b1ba99b71910345f692edfef4d884d0a5a697d0690f67f?s=50&#038;d=mm&#038;r=g' srcset='https:\/\/secure.gravatar.com\/avatar\/f7153911725b5dead4b1ba99b71910345f692edfef4d884d0a5a697d0690f67f?s=100&#038;d=mm&#038;r=g 2x' class='avatar avatar-50 photo' height='50' width='50' \/><\/span> <span class=\"author-name\">By piamatheisdorn<\/span> <\/div> <\/div> <\/div> <\/div> <\/div> <\/div> <\/div> <div class=\"caption post-1481 post type-post status-publish format-standard has-post-thumbnail category-rueckblick\"> <div class=\"post-date\">26. November 2025<\/div> <div class=\"title\"> <span class=\"title-h6 \"><a href=\"https:\/\/www.erneuerung.de\/muenchen-freising\/2025\/11\/26\/buswallfahrt-nach-medjugorje\/\" rel=\"bookmark\">Buswallfahrt nach Medjugorje<\/a><\/span> <\/div> <div class=\"info\"> <a class=\"additional-meta\" data-filter-type=\"taxonomies\" data-attr=\"category\" data-filter=\"rueckblick\">R\u00fcckblick<\/a> <\/div> <\/div> <\/div> <\/div> <div class=\"portfolio-item rueckblick col-xs-12 col-sm-6 col-md-6 item-animations-not-inited show-caption-border post-has-author appearance-type- post-1459 post type-post status-publish format-standard has-post-thumbnail category-rueckblick\" data-default-sort=\"0\" data-sort-date=\"1760965592\"> <div class=\"wrap clearfix\"> <div class=\"image post-1459 post type-post status-publish format-standard has-post-thumbnail category-rueckblick\"> <div class=\"image-inner \"> <picture> <img src=\"https:\/\/www.erneuerung.de\/muenchen-freising\/wp-content\/uploads\/sites\/20\/2026\/04\/transparent-thegem-product-justified-square-xl.png\" width=\"700\" height=\"700\" class=\"attachment-thegem-product-justified-square-xl\" alt=\"Leben aus der Kraft des Heiligen Geistes\" \/> <\/picture> <div class=\"post-featured-content\"><a href=\"https:\/\/www.erneuerung.de\/muenchen-freising\/2025\/10\/20\/leben-aus-der-kraft-des-heiligen-geistes-4\/\"> <picture> <source srcset=\"https:\/\/www.erneuerung.de\/muenchen-freising\/wp-content\/uploads\/sites\/20\/2025\/10\/Flyerbild_LKHG_Laim-thegem-product-justified-square-xl.png 1x\" sizes=\"100vw\"> <img src=\"https:\/\/www.erneuerung.de\/muenchen-freising\/wp-content\/uploads\/sites\/20\/2025\/10\/Flyerbild_LKHG_Laim-thegem-product-justified-square-xl.png\" width=\"700\" height=\"536\" class=\"img-responsive\" alt=\"Flyerbild_LKHG_Laim\" \/> <\/picture> <\/a><\/div> <\/div> <div class=\"overlay\"> <div class=\"overlay-circle\"><\/div> <div class=\"links-wrapper\"> <div class=\"links\"> <div class=\"caption\"> <a href=\"https:\/\/www.erneuerung.de\/muenchen-freising\/2025\/10\/20\/leben-aus-der-kraft-des-heiligen-geistes-4\/\" class=\"portfolio-item-link\"> <span class=\"screen-reader-text\">Leben aus der Kraft des Heiligen Geistes<\/span> <\/a> <div class=\"description \"> <div class=\"subtitle\"> <span class=\"text-body\"><div class=\"wpb-content-wrapper\"><p>[vc_row][vc_column][vc_column_text css=&#8220;&#8220;]Herzliche Einladung zum Wochenendseminar &#8222;Leben aus der Kraft des Heiligen Geistes&#8220;, das vom 05. bis 07. Dezember 2025 in unseren Gemeinschaftsr\u00e4umen in M\u00fcnchen-Laim stattfindet.[\/vc_column_text][\/vc_column][\/vc_row]<\/p>\n<\/div>&hellip;<\/span> <\/div> <\/div> <div class=\"post-author-outer\"> <div class=\"author\"> <span class=\"author-avatar\"><img alt='piamatheisdorn' src='https:\/\/secure.gravatar.com\/avatar\/f7153911725b5dead4b1ba99b71910345f692edfef4d884d0a5a697d0690f67f?s=50&#038;d=mm&#038;r=g' srcset='https:\/\/secure.gravatar.com\/avatar\/f7153911725b5dead4b1ba99b71910345f692edfef4d884d0a5a697d0690f67f?s=100&#038;d=mm&#038;r=g 2x' class='avatar avatar-50 photo' height='50' width='50' \/><\/span> <span class=\"author-name\">By piamatheisdorn<\/span> <\/div> <\/div> <\/div> <\/div> <\/div> <\/div> <\/div> <div class=\"caption post-1459 post type-post status-publish format-standard has-post-thumbnail category-rueckblick\"> <div class=\"post-date\">20. Oktober 2025<\/div> <div class=\"title\"> <span class=\"title-h6 \"><a href=\"https:\/\/www.erneuerung.de\/muenchen-freising\/2025\/10\/20\/leben-aus-der-kraft-des-heiligen-geistes-4\/\" rel=\"bookmark\">Leben aus der Kraft des Heiligen Geistes<\/a><\/span> <\/div> <div class=\"info\"> <a class=\"additional-meta\" data-filter-type=\"taxonomies\" data-attr=\"category\" data-filter=\"rueckblick\">R\u00fcckblick<\/a> <\/div> <\/div> <\/div> <\/div> <\/div><!-- .portflio-set --> <div class=\"portfolio-item-size-container\"> <div class=\"portfolio-item col-xs-12 col-sm-6 col-md-6 item-animations-not-inited show-caption-border post-has-author post-1459 post type-post status-publish format-standard has-post-thumbnail category-rueckblick\"> <\/div> <\/div> <\/div><!-- .row--> <div class=\"portfolio-navigator gem-pagination\"> <a href=\"#\" role=\"button\" class=\"prev\" aria-label=\"Zur\u00fcck\"> <i class=\"default\"><\/i> <\/a> <div class=\"pages\"><\/div> <a href=\"#\" role=\"button\" class=\"next\" aria-label=\"Weiter\"> <i class=\"default\"><\/i> <\/a> <\/div> <\/div><!-- .full-width --> <\/div><!-- .portfolio--> <\/div><!-- .portfolio-preloader-wrapper-->[\/vc_column][\/vc_row]<\/p>\n<\/div>","protected":false},"excerpt":{"rendered":"<div class=\"wpb-content-wrapper\"><p>[vc_row][vc_column][vc_column_text css=&#8220;&#8220;]Herzliche Einladung zum Wochenendseminar &#8222;Leben aus der Kraft des Heiligen Geistes&#8220;, das vom 05. bis 07. Dezember 2025 in unseren Gemeinschaftsr\u00e4umen in M\u00fcnchen-Laim stattfindet.[\/vc_column_text][\/vc_column][\/vc_row]<\/p>\n<\/div>&hellip;","protected":false},"author":457,"featured_media":0,"parent":0,"menu_order":0,"comment_status":"closed","ping_status":"closed","template":"","meta":{"footnotes":""},"class_list":["post-1175","page","type-page","status-publish"],"post_mailing_queue_ids":[],"_links":{"self":[{"href":"https:\/\/www.erneuerung.de\/muenchen-freising\/wp-json\/wp\/v2\/pages\/1175","targetHints":{"allow":["GET"]}}],"collection":[{"href":"https:\/\/www.erneuerung.de\/muenchen-freising\/wp-json\/wp\/v2\/pages"}],"about":[{"href":"https:\/\/www.erneuerung.de\/muenchen-freising\/wp-json\/wp\/v2\/types\/page"}],"author":[{"embeddable":true,"href":"https:\/\/www.erneuerung.de\/muenchen-freising\/wp-json\/wp\/v2\/users\/457"}],"replies":[{"embeddable":true,"href":"https:\/\/www.erneuerung.de\/muenchen-freising\/wp-json\/wp\/v2\/comments?post=1175"}],"version-history":[{"count":3,"href":"https:\/\/www.erneuerung.de\/muenchen-freising\/wp-json\/wp\/v2\/pages\/1175\/revisions"}],"predecessor-version":[{"id":1179,"href":"https:\/\/www.erneuerung.de\/muenchen-freising\/wp-json\/wp\/v2\/pages\/1175\/revisions\/1179"}],"wp:attachment":[{"href":"https:\/\/www.erneuerung.de\/muenchen-freising\/wp-json\/wp\/v2\/media?parent=1175"}],"curies":[{"name":"wp","href":"https:\/\/api.w.org\/{rel}","templated":true}]}}